{"id":2,"date":"2024-07-24T09:29:29","date_gmt":"2024-07-24T09:29:29","guid":{"rendered":"https:\/\/jhw.com.pl\/blog\/?page_id=2"},"modified":"2024-08-22T15:16:42","modified_gmt":"2024-08-22T15:16:42","slug":"sample-page","status":"publish","type":"page","link":"https:\/\/jhw.com.pl\/blog\/","title":{"rendered":"Strona g\u0142\u00f3wna"},"content":{"rendered":"<h4 style=\"text-align: center;\"><span style=\"color: #800000;\"><strong><em>Czytajmy wszyscy dzieciom<\/em><\/strong><\/span><\/h4>\n<h4 style=\"text-align: center;\"><span style=\"color: #800000;\"><em><strong>bajki bez przemocy,<\/strong><\/em><\/span><\/h4>\n<h4 style=\"text-align: center;\"><span style=\"color: #800000;\"><em><strong>a\u017ceby spokojnie<\/strong><\/em><\/span><\/h4>\n<h4 style=\"text-align: center;\"><span style=\"color: #800000;\"><em><strong>mog\u0142y sypia\u0107 w nocy.<\/strong><\/em><\/span><\/h4>\n<h4 style=\"text-align: center;\"><span style=\"color: #800000;\"><em><strong>Jolanta Horodecka \u2013 Wieczorek<\/strong><\/em><\/span><\/h4>\n<p><a href=\"https:\/\/jhw.com.pl\/blog\/wp-content\/uploads\/2024\/08\/jhw_kadr.jpg\"><img loading=\"lazy\" decoding=\"async\" class=\"wp-image-31 size-medium alignleft\" src=\"https:\/\/jhw.com.pl\/blog\/wp-content\/uploads\/2024\/08\/jhw_kadr-174x300.jpg\" alt=\"\" width=\"174\" height=\"300\" srcset=\"https:\/\/jhw.com.pl\/blog\/wp-content\/uploads\/2024\/08\/jhw_kadr-174x300.jpg 174w, https:\/\/jhw.com.pl\/blog\/wp-content\/uploads\/2024\/08\/jhw_kadr-230x397.jpg 230w, https:\/\/jhw.com.pl\/blog\/wp-content\/uploads\/2024\/08\/jhw_kadr-350x604.jpg 350w, https:\/\/jhw.com.pl\/blog\/wp-content\/uploads\/2024\/08\/jhw_kadr.jpg 480w\" sizes=\"auto, (max-width: 174px) 100vw, 174px\" \/> <\/a><a href=\"https:\/\/jhw.com.pl\/blog\/wp-content\/uploads\/2024\/08\/malmo_5.5.2018.jpg\"><img loading=\"lazy\" decoding=\"async\" class=\"wp-image-33 size-medium alignleft\" src=\"https:\/\/jhw.com.pl\/blog\/wp-content\/uploads\/2024\/08\/malmo_5.5.2018-225x300.jpg\" alt=\"\" width=\"225\" height=\"300\" srcset=\"https:\/\/jhw.com.pl\/blog\/wp-content\/uploads\/2024\/08\/malmo_5.5.2018-225x300.jpg 225w, https:\/\/jhw.com.pl\/blog\/wp-content\/uploads\/2024\/08\/malmo_5.5.2018-768x1024.jpg 768w, https:\/\/jhw.com.pl\/blog\/wp-content\/uploads\/2024\/08\/malmo_5.5.2018-230x307.jpg 230w, https:\/\/jhw.com.pl\/blog\/wp-content\/uploads\/2024\/08\/malmo_5.5.2018-350x467.jpg 350w, https:\/\/jhw.com.pl\/blog\/wp-content\/uploads\/2024\/08\/malmo_5.5.2018-480x640.jpg 480w, https:\/\/jhw.com.pl\/blog\/wp-content\/uploads\/2024\/08\/malmo_5.5.2018.jpg 900w\" sizes=\"auto, (max-width: 225px) 100vw, 225px\" \/><\/a><div class=\"su-spacer\" style=\"height:20px\"><\/div>\n<p><a href=\"https:\/\/jhw.com.pl\/blog\/wp-content\/uploads\/2024\/08\/Essen_24.2.2013_spotkanie_aut2.jpg\"><img loading=\"lazy\" decoding=\"async\" class=\"alignleft wp-image-36 size-medium\" src=\"https:\/\/jhw.com.pl\/blog\/wp-content\/uploads\/2024\/08\/Essen_24.2.2013_spotkanie_aut2-300x201.jpg\" alt=\"\" width=\"300\" height=\"201\" srcset=\"https:\/\/jhw.com.pl\/blog\/wp-content\/uploads\/2024\/08\/Essen_24.2.2013_spotkanie_aut2-300x201.jpg 300w, https:\/\/jhw.com.pl\/blog\/wp-content\/uploads\/2024\/08\/Essen_24.2.2013_spotkanie_aut2-230x154.jpg 230w, https:\/\/jhw.com.pl\/blog\/wp-content\/uploads\/2024\/08\/Essen_24.2.2013_spotkanie_aut2-350x235.jpg 350w, https:\/\/jhw.com.pl\/blog\/wp-content\/uploads\/2024\/08\/Essen_24.2.2013_spotkanie_aut2-480x322.jpg 480w, https:\/\/jhw.com.pl\/blog\/wp-content\/uploads\/2024\/08\/Essen_24.2.2013_spotkanie_aut2.jpg 731w\" sizes=\"auto, (max-width: 300px) 100vw, 300px\" \/><\/a><div class=\"su-spacer\" style=\"height:20px\"><\/div>\n<h5 style=\"text-align: center;\"><strong>Z przyjemno\u015bci\u0105 zawiadamiamy, \u017ce pisarka<\/strong><br \/>\n<strong>Jolanta Horodecka-Wieczorek<\/strong><br \/>\n<strong>z racji swej tw\u00f3rczo\u015bci literackiej\u00a0 i aktywnej wsp\u00f3\u0142pracy<\/strong><\/h5>\n<h5 style=\"text-align: center;\"><strong>z Poloni\u0105 \u015awiata\u00a0 znalaz\u0142a si\u0119\u00a0 w drugiej \u015bwiatowej Encyklopedii<\/strong><br \/>\n<strong>tym razem\u00a0 jest to:<\/strong><br \/>\n<strong>Encyklopedia Dziedzictwa Polonii \u015awiata<\/strong><br \/>\n<strong>Ambasadorowie Polonii\u00a0<\/strong><strong>wydana w 2020 roku<\/strong><br \/>\n<strong>\/ Encyklopedia of World\u00a0 Polonia Heritage Ambasadors<\/strong><br \/>\n<strong>of World Polonia 2020\/<\/strong><\/h5>\n<div class=\"su-spacer\" style=\"height:20px\"><\/div>\n<a href=\"https:\/\/jhw.com.pl\/blog\/wp-content\/uploads\/2024\/08\/encyklopedia_2020.jpg\"><img loading=\"lazy\" decoding=\"async\" class=\"aligncenter wp-image-169 size-medium\" src=\"https:\/\/jhw.com.pl\/blog\/wp-content\/uploads\/2024\/08\/encyklopedia_2020-225x300.jpg\" alt=\"\" width=\"225\" height=\"300\" srcset=\"https:\/\/jhw.com.pl\/blog\/wp-content\/uploads\/2024\/08\/encyklopedia_2020-225x300.jpg 225w, https:\/\/jhw.com.pl\/blog\/wp-content\/uploads\/2024\/08\/encyklopedia_2020-768x1024.jpg 768w, https:\/\/jhw.com.pl\/blog\/wp-content\/uploads\/2024\/08\/encyklopedia_2020-230x307.jpg 230w, https:\/\/jhw.com.pl\/blog\/wp-content\/uploads\/2024\/08\/encyklopedia_2020-350x467.jpg 350w, https:\/\/jhw.com.pl\/blog\/wp-content\/uploads\/2024\/08\/encyklopedia_2020-480x640.jpg 480w, https:\/\/jhw.com.pl\/blog\/wp-content\/uploads\/2024\/08\/encyklopedia_2020.jpg 900w\" sizes=\"auto, (max-width: 225px) 100vw, 225px\" \/><\/a><div class=\"su-spacer\" style=\"height:20px\"><\/div>\n<h4>Horodecka- Wieczorek Jolanta<\/h4>\n<p style=\"text-align: justify;\">Jolanta Horodecka-Wieczorek urodzi\u0142a si\u0119 i mieszka w Piotrkowie Trybunalskim. Z wykszta\u0142cenia ekonomista, obecnie na emeryturze. Jest autork\u0105 literatury fantastycznej \/powie\u015bci, opowiadania\/ oraz ponad 160 bajek i ba\u015bni we wierszu i w prozie, z czego na rynku krajowym i zagranicznym ukaza\u0142o si\u0119 55 tytu\u0142\u00f3w nak\u0142adem 865 tysi\u0119cy egzemplarzy. Wi\u0119kszo\u015b\u0107 utwor\u00f3w dla dzieci opatrzona jest emblematem \u201eBez przemocy\u201d<\/p>\n<h4 style=\"text-align: justify;\">Nagrody i wyr\u00f3\u017cnienia<\/h4>\n<ul>\n<li style=\"text-align: justify;\">2005 \u2014 Nagroda Specjalna Ministra Kultury i Dziedzictwa Narodowego za bogaty i edukacyjny dorobek w dziedzinie literatury dzieci\u0119cej.<\/li>\n<li style=\"text-align: justify;\">2006 \u2013 medal przyznany przez Prezydenta miasta Piotrkowa Trybunalskiego, za krzewienie kultury polskiej i promowanie literatury polskiej w kraju i poza granicami.<\/li>\n<li style=\"text-align: justify;\">2007 \u2014 nominacja do tytu\u0142u \u2018Niezwyk\u0142ej Polki\u201d (Fundacja m. inn. pod patronatem p. Marii Kaczy\u0144skiej oraz czasopisma \u201ePrzyjaci\u00f3\u0142ka\u201d).<\/li>\n<li style=\"text-align: justify;\">2010 \u2014 pisarka obj\u0119\u0142a zaszczytn\u0105 funkcj\u0119 Ambasadora Stowarzyszenia Hospicjum Dzieci\u0119cego Kr\u00f3lowej Aposto\u0142\u00f3w w M\u0142awie.<\/li>\n<li style=\"text-align: justify;\">2011 \u2014 kolejna Nagroda Specjalna Ministra Kultury i Dziedzictwa Narodowego jw. List gratulacyjny dost\u0119pny na stronie autorki <a href=\"http:\/\/jhw.com.pl\">www.jhw.com.pl\u00a0<\/a><\/li>\n<li style=\"text-align: justify;\">2012 \u2014 medal \u2013 oznaka honorowa \u201eZas\u0142u\u017cony dla Kultury Polskiej\u201d przyznany przez pana Bogdana Zdrojewskiego &#8211; Ministra Kultury i Dziedzictwa Narodowego. List Gratulacyjny Ministra w za\u0142\u0105czeniu.<\/li>\n<li style=\"text-align: justify;\">2014 \u2014\u201eWielka Encyklopedia Polonii \u015awiata\u201d, w kt\u00f3rej autorka znalaz\u0142a si\u0119 z racji swej tw\u00f3rczo\u015bci literackiej i szeroko poj\u0119tej dzia\u0142alno\u015bci polonijnej.<\/li>\n<li style=\"text-align: justify;\">2015 \u2014 na Festiwalu Polonijnym autorka otrzyma\u0142a Dyplom z Medalem od \u015awiatowego Stowarzyszenia Dziedzictwa Kulturowego Polonii \/\u015aSDKP\/za zas\u0142ugi na rzecz Polonii \u015awiata i Stowarzyszenia jw.<\/li>\n<li style=\"text-align: justify;\">2016 \u2014 na Mi\u0119dzynarodowym Kongresie Polonijnym autorka zosta\u0142a powo\u0142ana przez Sekretarza Generalnego \u015awiatowego Stowarzyszenia Dziedzictwa Kulturowego Polonii na stanowisko wiceprzewodnicz\u0105cej Komisji ds. Polonijnych Pisarzy i Dziennikarzy na terenie USA i Unii Europejskiej \/z wy\u0142\u0105czeniem Francji\/.<\/li>\n<li style=\"text-align: justify;\">2018 \u2014 kolejna Nagroda Specjalna przyznana przez Ministra Kultury i Dziedzictwa Narodowego za bogaty i edukacyjny dorobek tw\u00f3rczy oraz za promowanie literatury polskiej szeroko poza granicami. kraju.<\/li>\n<li style=\"text-align: justify;\">2019 \u2014 Nagroda za zaj\u0119cie III miejsca w kategorii Stron Internetowych wr\u0119czona\u00a0 w dniu 09.11.2019 r. na Festiwalu Polonijnym &#8222;Losy Polak\u00f3w&#8221;\u00a0 w Warszawie, organizowanym corocznie\u00a0 przez Fundacj\u0119 Polska-Europa -Polonia.<\/li>\n<li style=\"text-align: justify;\">2020\u2014 Encyklopedia Dziedzictwa Polonii \u015awiata Ambasadorowie Polonii, do kt\u00f3rej autorka wesz\u0142a z racji swojej tw\u00f3rczo\u015bci literackiej i aktywno\u015bci polonijnej.<\/li>\n<\/ul>\n<h4 style=\"text-align: justify;\">KSI\u0104\u017bKI i PUBLIKACJE<\/h4>\n<ul>\n<li style=\"text-align: justify;\">Niesko\u0144czony wywiad &#8211; powie\u015b\u0107, (MOK Piotrk\u00f3w Trybunalski, 2001)<\/li>\n<li style=\"text-align: justify;\">Podr\u00f3\u017c bez biletu &#8211; opowiadanie (miesi\u0119cznik Czwarty Wymiar, nr 9\/ 2001)<\/li>\n<li style=\"text-align: justify;\">Zepsute zabawki &#8211; bajka (O-Press, 2003)<\/li>\n<li style=\"text-align: justify;\">Krasnal i ksi\u0119\u017cniczki &#8211; bajka (O-Press, 2003)<\/li>\n<li style=\"text-align: justify;\">Zaczarowany obrazek &#8211; bajka (O-Press, 2003)<\/li>\n<li style=\"text-align: justify;\">Kapry\u015bna mr\u00f3wka &#8211; bajka (O-Press, 2003)<\/li>\n<li style=\"text-align: justify;\">M\u0105dra myszka &#8211; bajka (O-Press, 2003)<\/li>\n<li style=\"text-align: justify;\">Ptasie k\u0142\u00f3tnie &#8211; bajka (O-Press, 2003)<\/li>\n<li style=\"text-align: justify;\">Ba\u0142wanki &#8211; bajka (O-Press, 2003)<\/li>\n<li style=\"text-align: justify;\">Doktor zaj\u0105c &#8211; bajka (O-Press, 2003)<\/li>\n<li style=\"text-align: justify;\">Laleczki &#8211; bajka (O-Press 2003)<\/li>\n<li style=\"text-align: justify;\">Podst\u0119pny czarodziej &#8211; bajka (O-Press, 2004)<\/li>\n<li style=\"text-align: justify;\">Von dem K\u00e4tzchen Susi und den B\u00e4nken Die Schuhe trugen (Fischer Verlag 2004)<\/li>\n<li style=\"text-align: justify;\">Die Cremeprinzessin (Fischer Verlag 2004)<\/li>\n<li style=\"text-align: justify;\">Die Eidechse und der Fuchs (Fischer Verlag 2004)<\/li>\n<li>Ronnie, der K\u00f6nig (Fischer Verlag 2004)<\/li>\n<li>Das PerlenK\u00f6nigtum (Fischer Verlag 2004)<\/li>\n<li>Die magische Brille (Fischer Verlag 2004)<\/li>\n<li>Ein B\u00e4r und ein W\u00f6lkchen (Fischer Verlag 2004)<\/li>\n<li>Von einem leichtglaubigen Entlein (Fischer Verlag 2004)<\/li>\n<li>Im Hasenland (Fischer Verlag 2004)<\/li>\n<li>Von einem alten Mann und seinen h\u00f6lzernen Soldaten (Fischer Verlag 2004)<\/li>\n<li>Von der armen Malerin (Fischer Verlag 2004)<\/li>\n<li>Wie der Winter der Fee die M\u00e4rchen raubte (Fischer Verlag 2004)<\/li>\n<li>Ein unerwarteter Besuch (Fischer Verlag 2004)<\/li>\n<li>Wie eine b\u00f6se Hexe zur guten w\u00fcrde (Fischer Verlag 2004)<\/li>\n<li>Von einem Fischer, dem das Gl\u00fck winkte und das Schicksal lachte (Fischer Verlag 2004)<\/li>\n<li>Ksi\u0119\u017cniczka z kremu &#8211; bajka (O-Press, 2004, reedycja: Buchmann, 2010)<\/li>\n<li>Kr\u00f3lowa m\u00f3rz &#8211; bajka (O-Press, 2004, reedycja: Buchmann, 2010)<\/li>\n<li>\u0141aciata kr\u00f3wka &#8211; bajka (O-Press, 2004)<\/li>\n<li>Nie\u015bmia\u0142a wiewi\u00f3rka &#8211; bajka (O-Press, 2004)<\/li>\n<li>Pusta miseczka &#8211; bajka (O-Press, 2004, reedycja: Buchmann, 2010)<\/li>\n<li>Zaczarowane truskawki &#8211; bajka (O-Press, 2004, reedycja pod zmienionym tytu\u0142em: Weso\u0142e truskawki, Buchmann, 2010)<\/li>\n<li>Polskie bajki dobranocki &#8211; zbi\u00f3r bajek (O-Press, 2005-2008)<\/li>\n<li>Dziadek Mr\u00f3z &#8211; bajka (O-Press, 2005, reedycja: Buchmann, 2010)<\/li>\n<li>Biedna malarka &#8211; bajka (O-Press, 2005, reedycja: Buchmann, 2010)<\/li>\n<li>Odrobinka &#8211; bajka (O-Press, 2005)<\/li>\n<li>W \u015bnie\u017cnej krainie &#8211; bajka (O-Press, 2005)<\/li>\n<li>Porwane kurcz\u0105tko &#8211; bajka (O-Press, 2005)<\/li>\n<li>Wiatru tchnienie o Chopinie &#8211; poemat (Buchmann, 2010)*<\/li>\n<li>Bajki z serii \u201ePolskie Bajki Dobranocki\u201d wydawane w pakietach z \u201eBolkiem i Lolkiem:, Reksiem\u201d,i \u201eKozio\u0142kiem Mato\u0142kiem\u201d (O-Press 2004, 2005)<\/li>\n<li>Powie\u015b\u0107 science fiction pt. \u201eW \u015bwiecie Fosforant\u00f3w\u201d i dwa opowiadania pt. Klucz do przesz\u0142o\u015bci\u201d i \u201ePodr\u00f3\u017c bez biletu\u201d (2012)<\/li>\n<li>Powie\u015b\u0107 historyczno-fantastyczna (science fiction) dla m\u0142odzie\u017cy i doros\u0142ych pt \u201dHymn zawieszony w czasie\u201d (2013) Wydawnictwo Akademia Polonijna\u00a0\u00a0 w Cz\u0119stochowie<\/li>\n<li>W miasteczku krasnali (2015) WFO\u015a i DK \u0141\u00f3d\u017a<\/li>\n<li>O kosmicznym ludku w babcinym ogr\u00f3dku (2016) Biznes Partner Polska<\/li>\n<li>O Myszce, Burku i kiszonym Og\u00f3rku (2016) WFO\u015a i DK \u0141\u00f3d\u017a<\/li>\n<li>Dyptyk \u201eSercem pisane\u201d \u2013 zbi\u00f3r poezji autor\u00f3w z r\u00f3\u017cnych stron \u015bwiata (2015) Wyd. Fundacja Jana Paw\u0142a II w Rzymie<\/li>\n<li>Wiatrowe opowie\u015bci z Ko\u015bciuszk\u0105 w tre\u015bci (2017) Biznes Partner Polska<\/li>\n<li>O kosmicznym ludku w babcinym ogr\u00f3dku (2017) cz. I wyd. II Stowarzyszenie GPP Ekologia Warszawa<\/li>\n<li>Wiatru tchnienie o Chopinie wydanie II (2017) Wydawca: Asocjacja Pisarzy, Artyst\u00f3w, Dziennikarzy i T\u0142umaczy w Europie (APAJTE) z siedzib\u0105 w Pary\u017cu<\/li>\n<li>Opowiadanie \u201eKlucz do przesz\u0142o\u015bci\u201d (2018) druk w Pami\u0119tniku Literackim tom LV wydanym przez Zwi\u0105zek Pisarzy Polskich na Obczy\u017anie z siedzib\u0105 w Londynie<\/li>\n<li>O kosmicznym ludku w babcinym ogr\u00f3dku (2018) cz. II Wyd. I, Stowarzyszenie GPP Ekologia Warszawa.<\/li>\n<\/ul>\n<h4 style=\"text-align: justify;\">Wydania w j. niemieckim<\/h4>\n<ul>\n<li style=\"text-align: justify;\">zbi\u00f3r 16 bajek proz\u0105 pt.\u201d In der Welt der M\u00e4rchentr\u00e4ume\u201d wyda\u0142o znane na \u015bwiecie Wydawnictwo Fischer Verlag we Frankfurcie am Main w roku 2004. W tym samym roku Jolanta Horodecka-Wieczorek znalaz\u0142a si\u0119 w antologii \u201cCollection deutscher Erz\u00e4hler \u201c(wydawca jw.) w\u015br\u00f3d mi\u0119dzynarodowego grona niemieckoj\u0119zycznych autor\u00f3w.<\/li>\n<\/ul>\n<h4>Autorka jest cz\u0142onkiem:<\/h4>\n<ul>\n<li style=\"text-align: justify;\">Stowarzyszenia Polskich Autor\u00f3w, Dziennikarzy i T\u0142umaczy w Europie A.P.A.J.T.E z siedzib\u0105 w Pary\u017cu,<\/li>\n<li style=\"text-align: justify;\">Zwi\u0105zku Pisarzy Polskich na Obczy\u017anie z siedzib\u0105 w Londynie,<\/li>\n<li style=\"text-align: justify;\">Mi\u0119dzynarodowej Asocjacji Kobiet Polskich w Szwecji \/cz\u0142onek honorowy\/<\/li>\n<li style=\"text-align: justify;\">,Fundacji Polska \u2013 Europa \u2013Polonia \/cz\u0142onek honorowy\/<\/li>\n<li style=\"text-align: justify;\">Stowarzyszenie Reeko i GPP Ekologia Warszawa \/cz\u0142onek honorowy\/<\/li>\n<\/ul>\n<h4>Autorka wsp\u00f3\u0142pracuje tak\u017ce ze:<\/h4>\n<ul>\n<li>\u015awiatowym Stowarzyszeniem Dziedzictwa Kulturowego Polonii,<\/li>\n<li>Zwi\u0105zkiem Polak\u00f3w na Syberii, Ukrainie, Szwcji itp.,<\/li>\n<li>Stowarzyszeniem Polak\u00f3w na Litwie i wieloma polonijnymi plac\u00f3wkami na \u015bwiecie,<\/li>\n<li>Stowarzyszeniem Reeko i Grupa Polskich Przedsi\u0119biorc\u00f3w Ekologia w Warszawie \/cz\u0142onek honorowy\/,<\/li>\n<li>Fundacja Dom Polonijny we Wroc\u0142awiu<\/li>\n<li><\/li>\n<\/ul>\n<h4>Dzia\u0142alno\u015b\u0107 spo\u0142eczna:<\/h4>\n<p style=\"text-align: justify;\">Od 2011 roku Autorka pe\u0142ni zaszczytn\u0105 funkcj\u0119 Ambasadora Stowarzyszenia Hospicjum Dzieci\u0119cego im. Kr\u00f3lowej Aposto\u0142\u00f3w w M\u0142awie a od 2014 roku wsp\u00f3\u0142pracuje z nowo otwartym w Gdyni Hospicjum Dzieci\u0119cym, w kt\u00f3rym otworzono Biblioteczk\u0119 z tw\u00f3rczo\u015bci\u0105 pisarki.<\/p>\n<p style=\"text-align: justify;\">Jolanta Horodecka-Wieczorek odbywa wiele spotka\u0144 autorskich w kraju i poza granicami, na kt\u00f3rych ch\u0119tnie przekazuje dzieciom takie warto\u015bci jak przyja\u017a\u0144, wzajemna pomoc, mi\u0142o\u015b\u0107 do Ojczyzny, ludzi, zwierz\u0105t a tak\u017ce za po\u015brednictwem swych bajkowych postaci poucza dzieci jak w dzisiejszym \u015bwiecie unika\u0107 zagro\u017ce\u0144 i przemocy. Pisarka na spotkaniach autorskich z m\u0142odzie\u017c\u0105 i doros\u0142ymi cz\u0119sto \u0142\u0105czy tematyk\u0119 swego dorobku SF z tematyk\u0105 najnowszych osi\u0105gni\u0119\u0107 naukowych we Wszech\u015bwiecie, kt\u00f3ry jest jej wielk\u0105 pasj\u0105.<\/p>\n<p style=\"text-align: justify;\">Ksi\u0105\u017cki autorki prezentowane s\u0105 na wielu Mi\u0119dzynarodowych i Krajowych Targach Ksi\u0105\u017cki, Festiwalach i na Europejskich Forach oraz polonijnych uroczysto\u015bciach w Polsce i poza granicami. Utwory Jolanty Horodeckiej-Wieczorek s\u0105 te\u017c publikowane w antologiach, periodykach, gazetach i r\u00f3\u017cnych innych pismach, tak\u017ce zagranicznych, promuj\u0105cych Polsk\u0119 i rodzinne miasto autorki &#8211; Piotrk\u00f3w Trybunalski.<\/p>\n<p style=\"text-align: justify;\">Na bazie tw\u00f3rczo\u015bci Jolanty Horodeckiej\u2013 Wieczorek powstaje wiele prac maturalnych, magisterskich i doktorskich. Autorka pisze recenzje i bajki okoliczno\u015bciowe oraz teksty reklamowe. Obecnie skupia si\u0119 te\u017c na wydawaniu i pisaniu wierszy oraz biografii Wielkich Polak\u00f3w jak F. Chopin, T. Ko\u015bciuszko, czy J\u00f3zef Pi\u0142sudski. Pisarka pisze te\u017c bajki edukacyjno-ekologiczne, kt\u00f3re s\u0142u\u017c\u0105 jako materia\u0142y dydaktyczne.<\/p>\n<p style=\"text-align: justify;\">Wszystkie bajki i ba\u015bnie Jolanty Horodeckiej-Wieczorek opatrzone emblematem \u201eBez przemocy\u201d posiadaj\u0105 g\u0142\u0119boko humanistyczne przes\u0142ania, wyra\u017cone w formie mora\u0142\u00f3w. Wiele bajek jest inscenizowanych w szko\u0142ach i przedszkolach, a wychowawcy u\u017cywaj\u0105 ich jako materia\u0142u dydaktycznego do nauczania j. polskiego w Polsce i poza granicami kraju.<\/p>\n<p style=\"text-align: justify;\">Autorka jak mo\u017ce pomaga dzieciom biednym, chorym i pokrzywdzonym przez los. Dzia\u0142a te\u017c na rzecz bezdomnych zwierz\u0105t i cz\u0119sto na spotkaniach autorskich przekazuje dzieciom wiedze jak pomaga\u0107 sobie wzajemnie oraz jak szanowa\u0107 przyrod\u0119 i jak pomaga\u0107 ptakom i bezdomnym zwierz\u0119tom. Wi\u0119cej informacji znajduje si\u0119 na stronie internetowej autorki na: www.jhw.com.pl oraz w wywiadzie: <a href=\"https:\/\/www.cultureave.com\/basniowe-opowiesci-bez-przemocy-w-tresci\/\">https:\/\/www.cultureave.com\/basniowe-opowiesci-bez-przemocy-w-tresci\/<\/a><\/p>\n<div class=\"su-spacer\" style=\"height:20px\"><\/div>\n<a href=\"https:\/\/jhw.com.pl\/blog\/wp-content\/uploads\/2024\/08\/Baner_2_9001.jpg\"><img loading=\"lazy\" decoding=\"async\" class=\"alignnone wp-image-50\" src=\"https:\/\/jhw.com.pl\/blog\/wp-content\/uploads\/2024\/08\/Baner_2_9001-300x109.jpg\" alt=\"\" width=\"500\" height=\"181\" srcset=\"https:\/\/jhw.com.pl\/blog\/wp-content\/uploads\/2024\/08\/Baner_2_9001-300x109.jpg 300w, https:\/\/jhw.com.pl\/blog\/wp-content\/uploads\/2024\/08\/Baner_2_9001-768x278.jpg 768w, https:\/\/jhw.com.pl\/blog\/wp-content\/uploads\/2024\/08\/Baner_2_9001-230x83.jpg 230w, https:\/\/jhw.com.pl\/blog\/wp-content\/uploads\/2024\/08\/Baner_2_9001-350x127.jpg 350w, https:\/\/jhw.com.pl\/blog\/wp-content\/uploads\/2024\/08\/Baner_2_9001-480x174.jpg 480w, https:\/\/jhw.com.pl\/blog\/wp-content\/uploads\/2024\/08\/Baner_2_9001.jpg 900w\" sizes=\"auto, (max-width: 500px) 100vw, 500px\" \/><\/a><\/p>\n","protected":false},"excerpt":{"rendered":"<p>Czytajmy wszyscy dzieciom bajki bez przemocy, a\u017ceby spokojnie mog\u0142y sypia\u0107 w nocy. Jolanta Horodecka \u2013 Wieczorek Z przyjemno\u015bci\u0105 zawiadamiamy, \u017ce pisarka Jolanta [&hellip;]<\/p>\n","protected":false},"author":1,"featured_media":0,"parent":0,"menu_order":0,"comment_status":"closed","ping_status":"open","template":"","meta":{"footnotes":""},"class_list":["post-2","page","type-page","status-publish","hentry"],"_links":{"self":[{"href":"https:\/\/jhw.com.pl\/blog\/wp-json\/wp\/v2\/pages\/2","targetHints":{"allow":["GET"]}}],"collection":[{"href":"https:\/\/jhw.com.pl\/blog\/wp-json\/wp\/v2\/pages"}],"about":[{"href":"https:\/\/jhw.com.pl\/blog\/wp-json\/wp\/v2\/types\/page"}],"author":[{"embeddable":true,"href":"https:\/\/jhw.com.pl\/blog\/wp-json\/wp\/v2\/users\/1"}],"replies":[{"embeddable":true,"href":"https:\/\/jhw.com.pl\/blog\/wp-json\/wp\/v2\/comments?post=2"}],"version-history":[{"count":20,"href":"https:\/\/jhw.com.pl\/blog\/wp-json\/wp\/v2\/pages\/2\/revisions"}],"predecessor-version":[{"id":170,"href":"https:\/\/jhw.com.pl\/blog\/wp-json\/wp\/v2\/pages\/2\/revisions\/170"}],"wp:attachment":[{"href":"https:\/\/jhw.com.pl\/blog\/wp-json\/wp\/v2\/media?parent=2"}],"curies":[{"name":"wp","href":"https:\/\/api.w.org\/{rel}","templated":true}]}}