{"id":307,"date":"2024-08-31T20:51:42","date_gmt":"2024-08-31T20:51:42","guid":{"rendered":"https:\/\/jhw.com.pl\/blog\/?page_id=307"},"modified":"2024-08-31T21:45:22","modified_gmt":"2024-08-31T21:45:22","slug":"wydarzenia","status":"publish","type":"page","link":"https:\/\/jhw.com.pl\/blog\/wydarzenia\/","title":{"rendered":"Wydarzenia"},"content":{"rendered":"<h4>Spotkanie z Hann\u0105 Suchock\u0105<\/h4>\n<p><img loading=\"lazy\" decoding=\"async\" class=\"alignnone size-medium wp-image-308\" src=\"https:\/\/jhw.com.pl\/blog\/wp-content\/uploads\/2024\/08\/z_hanna_suchocka-300x225.jpg\" alt=\"\" width=\"300\" height=\"225\" srcset=\"https:\/\/jhw.com.pl\/blog\/wp-content\/uploads\/2024\/08\/z_hanna_suchocka-300x225.jpg 300w, https:\/\/jhw.com.pl\/blog\/wp-content\/uploads\/2024\/08\/z_hanna_suchocka-768x576.jpg 768w, https:\/\/jhw.com.pl\/blog\/wp-content\/uploads\/2024\/08\/z_hanna_suchocka-230x173.jpg 230w, https:\/\/jhw.com.pl\/blog\/wp-content\/uploads\/2024\/08\/z_hanna_suchocka-350x263.jpg 350w, https:\/\/jhw.com.pl\/blog\/wp-content\/uploads\/2024\/08\/z_hanna_suchocka-480x360.jpg 480w, https:\/\/jhw.com.pl\/blog\/wp-content\/uploads\/2024\/08\/z_hanna_suchocka.jpg 1000w\" sizes=\"auto, (max-width: 300px) 100vw, 300px\" \/><\/p>\n<p>Kole\u017ce\u0144skie spotkanie z premier Hann\u0105 Suchock\u0105- 23-24.10.2018 r.<\/p>\n<hr \/>\n<h4>Dzie\u0144 Dziecka w Piotrkowie Trybunalskim<\/h4>\n<p style=\"text-align: justify;\">01.06.2018 r. zdj\u0119cia ze wsp\u00f3lnej z MBP uroczysto\u015bci\u00a0 zwi\u0105zanej m.in. z Dniem Dziecka\u00a0 w Parku \u015bw. Jana Paw\u0142a II w Piotrkowie Trybunalskim. By\u0142o te\u017c zwyczajowo przyj\u0119te g\u0142o\u015bne czytanie dzieciom autorskich bajek.<\/p>\n<div id='gallery-1' class='gallery galleryid-307 gallery-columns-3 gallery-size-thumbnail'><figure class='gallery-item'>\n\t\t\t<div class='gallery-icon landscape'>\n\t\t\t\t<a href='https:\/\/jhw.com.pl\/blog\/wp-content\/uploads\/2024\/08\/dzien_dziecka_2018_piotrkow_1.jpg'><img loading=\"lazy\" decoding=\"async\" width=\"150\" height=\"150\" src=\"https:\/\/jhw.com.pl\/blog\/wp-content\/uploads\/2024\/08\/dzien_dziecka_2018_piotrkow_1-150x150.jpg\" class=\"attachment-thumbnail size-thumbnail\" alt=\"\" \/><\/a>\n\t\t\t<\/div><\/figure><figure class='gallery-item'>\n\t\t\t<div class='gallery-icon portrait'>\n\t\t\t\t<a href='https:\/\/jhw.com.pl\/blog\/wp-content\/uploads\/2024\/08\/dzien_dziecka_2018_piotrkow_2.jpg'><img loading=\"lazy\" decoding=\"async\" width=\"150\" height=\"150\" src=\"https:\/\/jhw.com.pl\/blog\/wp-content\/uploads\/2024\/08\/dzien_dziecka_2018_piotrkow_2-150x150.jpg\" class=\"attachment-thumbnail size-thumbnail\" alt=\"\" \/><\/a>\n\t\t\t<\/div><\/figure><figure class='gallery-item'>\n\t\t\t<div class='gallery-icon landscape'>\n\t\t\t\t<a href='https:\/\/jhw.com.pl\/blog\/wp-content\/uploads\/2024\/08\/dzien_dziecka_2018_piotrkow_3.jpg'><img loading=\"lazy\" decoding=\"async\" width=\"150\" height=\"150\" src=\"https:\/\/jhw.com.pl\/blog\/wp-content\/uploads\/2024\/08\/dzien_dziecka_2018_piotrkow_3-150x150.jpg\" class=\"attachment-thumbnail size-thumbnail\" alt=\"\" \/><\/a>\n\t\t\t<\/div><\/figure>\n\t\t<\/div>\n\n<hr \/>\n<h4>Wizyta w Malm\u00f6-5.05.2018<\/h4>\n<p style=\"text-align: justify;\"><a href=\"https:\/\/jhw.com.pl\/blog\/wp-content\/uploads\/2024\/08\/malmo_5.5.2018-1.jpg\"><img loading=\"lazy\" decoding=\"async\" class=\"alignleft wp-image-317 size-medium\" src=\"https:\/\/jhw.com.pl\/blog\/wp-content\/uploads\/2024\/08\/malmo_5.5.2018-1-225x300.jpg\" alt=\"\" width=\"225\" height=\"300\" srcset=\"https:\/\/jhw.com.pl\/blog\/wp-content\/uploads\/2024\/08\/malmo_5.5.2018-1-225x300.jpg 225w, https:\/\/jhw.com.pl\/blog\/wp-content\/uploads\/2024\/08\/malmo_5.5.2018-1-768x1024.jpg 768w, https:\/\/jhw.com.pl\/blog\/wp-content\/uploads\/2024\/08\/malmo_5.5.2018-1-230x307.jpg 230w, https:\/\/jhw.com.pl\/blog\/wp-content\/uploads\/2024\/08\/malmo_5.5.2018-1-350x467.jpg 350w, https:\/\/jhw.com.pl\/blog\/wp-content\/uploads\/2024\/08\/malmo_5.5.2018-1-480x640.jpg 480w, https:\/\/jhw.com.pl\/blog\/wp-content\/uploads\/2024\/08\/malmo_5.5.2018-1.jpg 900w\" sizes=\"auto, (max-width: 225px) 100vw, 225px\" \/><\/a>Na zaproszenie organizator\u00f3w tj:\u00a0 Asocjacji Kobiet Polskich Polka International w Szwecji i\u00a0 Urz\u0119du Miasta Malm<span class=\"m_-1473129745519567880m_-6251704334301804064gmail-st\"><i>\u00f6<\/i><\/span>\u00a0autorka wzi\u0119\u0142a udzia\u0142 w Mi\u0119dzynarodowym Festynie zwi\u0105zanym z 100 rocznic\u0105 odzyskania niepodleg\u0142o\u015bci przez Polsk\u0119. Festyn okaza\u0142 si\u0119 by\u0107\u00a0 sukcesem organizatorskim, poniewa\u017c skupia\u0142 wielotysi\u0119czne i wieloj\u0119zyczne t\u0142umy.<\/p>\n<h4><div class=\"su-spacer\" style=\"height:10px\"><\/div><\/h4>\n<hr \/>\n<h4><div class=\"su-spacer\" style=\"height:10px\"><\/div>Dyplom cz\u0142onkostwa honorowego<\/h4>\n<p>Na zaproszenie Zarz\u0105du Stowarzyszenia Grupa Polskich Przedsi\u0119biorc\u00f3w autorka bra\u0142a udzia\u0142 w Og\u00f3lnopolskiej Konferencji, kt\u00f3ra odby\u0142a si\u0119 w dniach 24 i 25.01.2018 we Wi\u015ble. Tematem konferencji by\u0142a Gospodarka Odpadami- Stan Prawny. Dodajemy, \u017ce autorka odbywa wiele spotka\u0144 i prelekcji zwi\u0105zanych z ekologi\u0105 i jej bajk\u0105 edukacyjn\u0105 pt. O kosmicznym ludku w babcinym ogr\u00f3dku \/wydanie I i II\/.<\/p>\n<p><a href=\"https:\/\/jhw.com.pl\/blog\/wp-content\/uploads\/2024\/08\/jhw_dyplom2.jpg\"><img loading=\"lazy\" decoding=\"async\" class=\"alignnone wp-image-320\" src=\"https:\/\/jhw.com.pl\/blog\/wp-content\/uploads\/2024\/08\/jhw_dyplom2-300x203.jpg\" alt=\"\" width=\"500\" height=\"339\" srcset=\"https:\/\/jhw.com.pl\/blog\/wp-content\/uploads\/2024\/08\/jhw_dyplom2-300x203.jpg 300w, https:\/\/jhw.com.pl\/blog\/wp-content\/uploads\/2024\/08\/jhw_dyplom2-1024x694.jpg 1024w, https:\/\/jhw.com.pl\/blog\/wp-content\/uploads\/2024\/08\/jhw_dyplom2-768x521.jpg 768w, https:\/\/jhw.com.pl\/blog\/wp-content\/uploads\/2024\/08\/jhw_dyplom2-1000x678.jpg 1000w, https:\/\/jhw.com.pl\/blog\/wp-content\/uploads\/2024\/08\/jhw_dyplom2-230x156.jpg 230w, https:\/\/jhw.com.pl\/blog\/wp-content\/uploads\/2024\/08\/jhw_dyplom2-350x237.jpg 350w, https:\/\/jhw.com.pl\/blog\/wp-content\/uploads\/2024\/08\/jhw_dyplom2-480x325.jpg 480w, https:\/\/jhw.com.pl\/blog\/wp-content\/uploads\/2024\/08\/jhw_dyplom2.jpg 1142w\" sizes=\"auto, (max-width: 500px) 100vw, 500px\" \/><\/a><\/p>\n<hr \/>\n<h4>Spotkanie z autork\u0105 w Tarnowie<\/h4>\n<p style=\"text-align: justify;\"><a href=\"https:\/\/jhw.com.pl\/blog\/wp-content\/uploads\/2024\/08\/DSC04910.jpg\"><img loading=\"lazy\" decoding=\"async\" class=\"alignleft wp-image-324 size-medium\" src=\"https:\/\/jhw.com.pl\/blog\/wp-content\/uploads\/2024\/08\/DSC04910-300x225.jpg\" alt=\"\" width=\"300\" height=\"225\" srcset=\"https:\/\/jhw.com.pl\/blog\/wp-content\/uploads\/2024\/08\/DSC04910-300x225.jpg 300w, https:\/\/jhw.com.pl\/blog\/wp-content\/uploads\/2024\/08\/DSC04910-768x576.jpg 768w, https:\/\/jhw.com.pl\/blog\/wp-content\/uploads\/2024\/08\/DSC04910-1000x750.jpg 1000w, https:\/\/jhw.com.pl\/blog\/wp-content\/uploads\/2024\/08\/DSC04910-230x173.jpg 230w, https:\/\/jhw.com.pl\/blog\/wp-content\/uploads\/2024\/08\/DSC04910-350x263.jpg 350w, https:\/\/jhw.com.pl\/blog\/wp-content\/uploads\/2024\/08\/DSC04910-480x360.jpg 480w, https:\/\/jhw.com.pl\/blog\/wp-content\/uploads\/2024\/08\/DSC04910.jpg 1024w\" sizes=\"auto, (max-width: 300px) 100vw, 300px\" \/><\/a>We wtorek 24 pa\u017adziernika 2017r. uczniowie z klas I -III Niepublicznej Szko\u0142y Podstawowej im. Polskiej Marynarki Handlowej\u00a0 i Niepublicznego Gimnazjum w Tarnowie uczestniczyli w spotkaniu\u00a0 z pisark\u0105 p. Jolant\u0105 Horodeck\u0105 \u2013 Wieczorek. Autork\u0105 literatury fantastycznej i ponad 160 bajek i ba\u015bni w wierszu i w prozie, z czego ukaza\u0142o si\u0119 51 tytu\u0142\u00f3w, nak\u0142adem 843 tysi\u0119cy egzemplarzy. Wszystkie utwory dla dzieci opatrzone s\u0105 emblematem \u201eBez przemocy\u201d. W spotkaniu z pisark\u0105 uczestniczy\u0142a r\u00f3wnie\u017c p. Katarzyna Bielecka.&#8221;<\/p>\n<div id='gallery-2' class='gallery galleryid-307 gallery-columns-4 gallery-size-thumbnail'><figure class='gallery-item'>\n\t\t\t<div class='gallery-icon landscape'>\n\t\t\t\t<a href='https:\/\/jhw.com.pl\/blog\/wp-content\/uploads\/2024\/08\/dsc04927.jpg'><img loading=\"lazy\" decoding=\"async\" width=\"150\" height=\"150\" src=\"https:\/\/jhw.com.pl\/blog\/wp-content\/uploads\/2024\/08\/dsc04927-150x150.jpg\" class=\"attachment-thumbnail size-thumbnail\" alt=\"\" \/><\/a>\n\t\t\t<\/div><\/figure><figure class='gallery-item'>\n\t\t\t<div class='gallery-icon landscape'>\n\t\t\t\t<a href='https:\/\/jhw.com.pl\/blog\/wp-content\/uploads\/2024\/08\/dsc04926.jpg'><img loading=\"lazy\" decoding=\"async\" width=\"150\" height=\"150\" src=\"https:\/\/jhw.com.pl\/blog\/wp-content\/uploads\/2024\/08\/dsc04926-150x150.jpg\" class=\"attachment-thumbnail size-thumbnail\" alt=\"\" \/><\/a>\n\t\t\t<\/div><\/figure><figure class='gallery-item'>\n\t\t\t<div class='gallery-icon landscape'>\n\t\t\t\t<a href='https:\/\/jhw.com.pl\/blog\/wp-content\/uploads\/2024\/08\/dsc04925.jpg'><img loading=\"lazy\" decoding=\"async\" width=\"150\" height=\"150\" src=\"https:\/\/jhw.com.pl\/blog\/wp-content\/uploads\/2024\/08\/dsc04925-150x150.jpg\" class=\"attachment-thumbnail size-thumbnail\" alt=\"\" \/><\/a>\n\t\t\t<\/div><\/figure><figure class='gallery-item'>\n\t\t\t<div class='gallery-icon landscape'>\n\t\t\t\t<a href='https:\/\/jhw.com.pl\/blog\/wp-content\/uploads\/2024\/08\/dsc04924.jpg'><img loading=\"lazy\" decoding=\"async\" width=\"150\" height=\"150\" src=\"https:\/\/jhw.com.pl\/blog\/wp-content\/uploads\/2024\/08\/dsc04924-150x150.jpg\" class=\"attachment-thumbnail size-thumbnail\" alt=\"\" \/><\/a>\n\t\t\t<\/div><\/figure><figure class='gallery-item'>\n\t\t\t<div class='gallery-icon landscape'>\n\t\t\t\t<a href='https:\/\/jhw.com.pl\/blog\/wp-content\/uploads\/2024\/08\/dsc04923.jpg'><img loading=\"lazy\" decoding=\"async\" width=\"150\" height=\"150\" src=\"https:\/\/jhw.com.pl\/blog\/wp-content\/uploads\/2024\/08\/dsc04923-150x150.jpg\" class=\"attachment-thumbnail size-thumbnail\" alt=\"\" \/><\/a>\n\t\t\t<\/div><\/figure><figure class='gallery-item'>\n\t\t\t<div class='gallery-icon landscape'>\n\t\t\t\t<a href='https:\/\/jhw.com.pl\/blog\/wp-content\/uploads\/2024\/08\/dsc04919.jpg'><img loading=\"lazy\" decoding=\"async\" width=\"150\" height=\"150\" src=\"https:\/\/jhw.com.pl\/blog\/wp-content\/uploads\/2024\/08\/dsc04919-150x150.jpg\" class=\"attachment-thumbnail size-thumbnail\" alt=\"\" \/><\/a>\n\t\t\t<\/div><\/figure><figure class='gallery-item'>\n\t\t\t<div class='gallery-icon landscape'>\n\t\t\t\t<a href='https:\/\/jhw.com.pl\/blog\/wp-content\/uploads\/2024\/08\/dsc04920.jpg'><img loading=\"lazy\" decoding=\"async\" width=\"150\" height=\"150\" src=\"https:\/\/jhw.com.pl\/blog\/wp-content\/uploads\/2024\/08\/dsc04920-150x150.jpg\" class=\"attachment-thumbnail size-thumbnail\" alt=\"\" \/><\/a>\n\t\t\t<\/div><\/figure><figure class='gallery-item'>\n\t\t\t<div class='gallery-icon landscape'>\n\t\t\t\t<a href='https:\/\/jhw.com.pl\/blog\/wp-content\/uploads\/2024\/08\/dsc04921.jpg'><img loading=\"lazy\" decoding=\"async\" width=\"150\" height=\"150\" src=\"https:\/\/jhw.com.pl\/blog\/wp-content\/uploads\/2024\/08\/dsc04921-150x150.jpg\" class=\"attachment-thumbnail size-thumbnail\" alt=\"\" \/><\/a>\n\t\t\t<\/div><\/figure><figure class='gallery-item'>\n\t\t\t<div class='gallery-icon landscape'>\n\t\t\t\t<a href='https:\/\/jhw.com.pl\/blog\/wp-content\/uploads\/2024\/08\/dsc04922.jpg'><img loading=\"lazy\" decoding=\"async\" width=\"150\" height=\"150\" src=\"https:\/\/jhw.com.pl\/blog\/wp-content\/uploads\/2024\/08\/dsc04922-150x150.jpg\" class=\"attachment-thumbnail size-thumbnail\" alt=\"\" \/><\/a>\n\t\t\t<\/div><\/figure><figure class='gallery-item'>\n\t\t\t<div class='gallery-icon landscape'>\n\t\t\t\t<a href='https:\/\/jhw.com.pl\/blog\/wp-content\/uploads\/2024\/08\/dsc04917.jpg'><img loading=\"lazy\" decoding=\"async\" width=\"150\" height=\"150\" src=\"https:\/\/jhw.com.pl\/blog\/wp-content\/uploads\/2024\/08\/dsc04917-150x150.jpg\" class=\"attachment-thumbnail size-thumbnail\" alt=\"\" \/><\/a>\n\t\t\t<\/div><\/figure><figure class='gallery-item'>\n\t\t\t<div class='gallery-icon landscape'>\n\t\t\t\t<a href='https:\/\/jhw.com.pl\/blog\/wp-content\/uploads\/2024\/08\/dsc04916.jpg'><img loading=\"lazy\" decoding=\"async\" width=\"150\" height=\"150\" src=\"https:\/\/jhw.com.pl\/blog\/wp-content\/uploads\/2024\/08\/dsc04916-150x150.jpg\" class=\"attachment-thumbnail size-thumbnail\" alt=\"\" \/><\/a>\n\t\t\t<\/div><\/figure><figure class='gallery-item'>\n\t\t\t<div class='gallery-icon portrait'>\n\t\t\t\t<a href='https:\/\/jhw.com.pl\/blog\/wp-content\/uploads\/2024\/08\/dsc04915.jpg'><img loading=\"lazy\" decoding=\"async\" width=\"150\" height=\"150\" src=\"https:\/\/jhw.com.pl\/blog\/wp-content\/uploads\/2024\/08\/dsc04915-150x150.jpg\" class=\"attachment-thumbnail size-thumbnail\" alt=\"\" \/><\/a>\n\t\t\t<\/div><\/figure><figure class='gallery-item'>\n\t\t\t<div class='gallery-icon landscape'>\n\t\t\t\t<a href='https:\/\/jhw.com.pl\/blog\/wp-content\/uploads\/2024\/08\/dsc04913.jpg'><img loading=\"lazy\" decoding=\"async\" width=\"150\" height=\"150\" src=\"https:\/\/jhw.com.pl\/blog\/wp-content\/uploads\/2024\/08\/dsc04913-150x150.jpg\" class=\"attachment-thumbnail size-thumbnail\" alt=\"\" \/><\/a>\n\t\t\t<\/div><\/figure><figure class='gallery-item'>\n\t\t\t<div class='gallery-icon landscape'>\n\t\t\t\t<a href='https:\/\/jhw.com.pl\/blog\/wp-content\/uploads\/2024\/08\/dsc04912.jpg'><img loading=\"lazy\" decoding=\"async\" width=\"150\" height=\"150\" src=\"https:\/\/jhw.com.pl\/blog\/wp-content\/uploads\/2024\/08\/dsc04912-150x150.jpg\" class=\"attachment-thumbnail size-thumbnail\" alt=\"\" \/><\/a>\n\t\t\t<\/div><\/figure><figure class='gallery-item'>\n\t\t\t<div class='gallery-icon landscape'>\n\t\t\t\t<a href='https:\/\/jhw.com.pl\/blog\/wp-content\/uploads\/2024\/08\/dsc04909.jpg'><img loading=\"lazy\" decoding=\"async\" width=\"150\" height=\"150\" src=\"https:\/\/jhw.com.pl\/blog\/wp-content\/uploads\/2024\/08\/dsc04909-150x150.jpg\" class=\"attachment-thumbnail size-thumbnail\" alt=\"\" \/><\/a>\n\t\t\t<\/div><\/figure><figure class='gallery-item'>\n\t\t\t<div class='gallery-icon landscape'>\n\t\t\t\t<a href='https:\/\/jhw.com.pl\/blog\/wp-content\/uploads\/2024\/08\/dsc04908.jpg'><img loading=\"lazy\" decoding=\"async\" width=\"150\" height=\"150\" src=\"https:\/\/jhw.com.pl\/blog\/wp-content\/uploads\/2024\/08\/dsc04908-150x150.jpg\" class=\"attachment-thumbnail size-thumbnail\" alt=\"\" \/><\/a>\n\t\t\t<\/div><\/figure><figure class='gallery-item'>\n\t\t\t<div class='gallery-icon landscape'>\n\t\t\t\t<a href='https:\/\/jhw.com.pl\/blog\/wp-content\/uploads\/2024\/08\/dsc04907.jpg'><img loading=\"lazy\" decoding=\"async\" width=\"150\" height=\"150\" src=\"https:\/\/jhw.com.pl\/blog\/wp-content\/uploads\/2024\/08\/dsc04907-150x150.jpg\" class=\"attachment-thumbnail size-thumbnail\" alt=\"\" \/><\/a>\n\t\t\t<\/div><\/figure>\n\t\t<\/div>\n\n<hr \/>\n<h4>I nagroda dla filmu &#8222;Wiatru tchnienie o Chopinie&#8221;<\/h4>\n<p style=\"text-align: justify;\"><i>Z przyjemno\u015bci\u0105 zawiadamiamy, \u017ce film zrealizowany<\/i><br \/>\n<i>na bazie poematu Jolanty Horodeckiej- Wieczorek\u00a0<\/i><br \/>\n<i>pt. &#8222;Wiatru tchnienie o Chopinie&#8221;<br \/>\notrzyma\u0142 w dniu 18.10.2017 roku<br \/>\nI Nagrod\u0119 w kategorii film\u00f3w edukacyjnych<br \/>\nna Mi\u0119dzynarodowym Festiwalu Multimedialnym w W-wie.<br \/>\nFilm posiada taki sam tytu\u0142 jak w\/w poemat dla dzieci\u00a0 tj. &#8222;Wiatru\u00a0 tchnienie o Chopinie&#8221;.<\/i><\/p>\n<div id='gallery-3' class='gallery galleryid-307 gallery-columns-3 gallery-size-thumbnail'><figure class='gallery-item'>\n\t\t\t<div class='gallery-icon landscape'>\n\t\t\t\t<a href='https:\/\/jhw.com.pl\/blog\/wp-content\/uploads\/2024\/08\/autorka_rezyser_i_goscie_z_francji.jpg'><img loading=\"lazy\" decoding=\"async\" width=\"150\" height=\"150\" src=\"https:\/\/jhw.com.pl\/blog\/wp-content\/uploads\/2024\/08\/autorka_rezyser_i_goscie_z_francji-150x150.jpg\" class=\"attachment-thumbnail size-thumbnail\" alt=\"\" \/><\/a>\n\t\t\t<\/div><\/figure><figure class='gallery-item'>\n\t\t\t<div class='gallery-icon landscape'>\n\t\t\t\t<a href='https:\/\/jhw.com.pl\/blog\/wp-content\/uploads\/2024\/08\/autorka_w_sannikach.jpg'><img loading=\"lazy\" decoding=\"async\" width=\"150\" height=\"150\" src=\"https:\/\/jhw.com.pl\/blog\/wp-content\/uploads\/2024\/08\/autorka_w_sannikach-150x150.jpg\" class=\"attachment-thumbnail size-thumbnail\" alt=\"\" \/><\/a>\n\t\t\t<\/div><\/figure><figure class='gallery-item'>\n\t\t\t<div class='gallery-icon landscape'>\n\t\t\t\t<a href='https:\/\/jhw.com.pl\/blog\/wp-content\/uploads\/2024\/08\/autorka_z_rezyserem.jpg'><img loading=\"lazy\" decoding=\"async\" width=\"150\" height=\"150\" src=\"https:\/\/jhw.com.pl\/blog\/wp-content\/uploads\/2024\/08\/autorka_z_rezyserem-150x150.jpg\" class=\"attachment-thumbnail size-thumbnail\" alt=\"\" \/><\/a>\n\t\t\t<\/div><\/figure>\n\t\t<\/div>\n\n<hr \/>\n<h4>Warszawskie Targi Ksi\u0105\u017cki-V 2017<\/h4>\n<p><a href=\"https:\/\/jhw.com.pl\/blog\/wp-content\/uploads\/2024\/08\/Klub_Ksiegarzy_w_W-wie_20.05_2017.jpg\"><img loading=\"lazy\" decoding=\"async\" class=\"alignleft wp-image-358 size-medium\" src=\"https:\/\/jhw.com.pl\/blog\/wp-content\/uploads\/2024\/08\/Klub_Ksiegarzy_w_W-wie_20.05_2017-300x225.jpg\" alt=\"\" width=\"300\" height=\"225\" srcset=\"https:\/\/jhw.com.pl\/blog\/wp-content\/uploads\/2024\/08\/Klub_Ksiegarzy_w_W-wie_20.05_2017-300x225.jpg 300w, https:\/\/jhw.com.pl\/blog\/wp-content\/uploads\/2024\/08\/Klub_Ksiegarzy_w_W-wie_20.05_2017-1024x768.jpg 1024w, https:\/\/jhw.com.pl\/blog\/wp-content\/uploads\/2024\/08\/Klub_Ksiegarzy_w_W-wie_20.05_2017-768x576.jpg 768w, https:\/\/jhw.com.pl\/blog\/wp-content\/uploads\/2024\/08\/Klub_Ksiegarzy_w_W-wie_20.05_2017-1000x750.jpg 1000w, https:\/\/jhw.com.pl\/blog\/wp-content\/uploads\/2024\/08\/Klub_Ksiegarzy_w_W-wie_20.05_2017-230x173.jpg 230w, https:\/\/jhw.com.pl\/blog\/wp-content\/uploads\/2024\/08\/Klub_Ksiegarzy_w_W-wie_20.05_2017-350x263.jpg 350w, https:\/\/jhw.com.pl\/blog\/wp-content\/uploads\/2024\/08\/Klub_Ksiegarzy_w_W-wie_20.05_2017-480x360.jpg 480w, https:\/\/jhw.com.pl\/blog\/wp-content\/uploads\/2024\/08\/Klub_Ksiegarzy_w_W-wie_20.05_2017.jpg 1200w\" sizes=\"auto, (max-width: 300px) 100vw, 300px\" \/><\/a>Jolanta Horodecka Wieczorek na Warszawskich Targach Ksi\u0105\u017cki 18-21 maja 2017 roku Klub Ksi\u0119garzy Warszawa 20.05.2017.<div class=\"su-spacer\" style=\"height:10px\"><\/div>\n<hr \/>\n<div class=\"su-spacer\" style=\"height:10px\"><\/div>\n<h4>Kongres Polka Intrnational- 2-5.06.2016<\/h4>\n<p style=\"text-align: justify;\"><a href=\"https:\/\/jhw.com.pl\/blog\/wp-content\/uploads\/2024\/08\/kongres_062016_2-1.jpg\"><img loading=\"lazy\" decoding=\"async\" class=\"alignleft wp-image-360 size-medium\" src=\"https:\/\/jhw.com.pl\/blog\/wp-content\/uploads\/2024\/08\/kongres_062016_2-1-300x225.jpg\" alt=\"\" width=\"300\" height=\"225\" srcset=\"https:\/\/jhw.com.pl\/blog\/wp-content\/uploads\/2024\/08\/kongres_062016_2-1-300x225.jpg 300w, https:\/\/jhw.com.pl\/blog\/wp-content\/uploads\/2024\/08\/kongres_062016_2-1-1024x768.jpg 1024w, https:\/\/jhw.com.pl\/blog\/wp-content\/uploads\/2024\/08\/kongres_062016_2-1-768x576.jpg 768w, https:\/\/jhw.com.pl\/blog\/wp-content\/uploads\/2024\/08\/kongres_062016_2-1-1000x750.jpg 1000w, https:\/\/jhw.com.pl\/blog\/wp-content\/uploads\/2024\/08\/kongres_062016_2-1-230x173.jpg 230w, https:\/\/jhw.com.pl\/blog\/wp-content\/uploads\/2024\/08\/kongres_062016_2-1-350x263.jpg 350w, https:\/\/jhw.com.pl\/blog\/wp-content\/uploads\/2024\/08\/kongres_062016_2-1-480x360.jpg 480w, https:\/\/jhw.com.pl\/blog\/wp-content\/uploads\/2024\/08\/kongres_062016_2-1.jpg 1200w\" sizes=\"auto, (max-width: 300px) 100vw, 300px\" \/><\/a>Mi\u0119dzynarodowy Kongres Asocjacji Kobiet Polskich Polka International z siedzib\u0105 w Szwecji, kt\u00f3ry odby\u0142 sie w Warszawie w dniach 2-5.06.2016 r. Na zdjeciach autorka na scenie Teatru Rampa wyg\u0142asza referat nt swojej pasji dot Kosmosu. Obok radiowiec Marcin \u017bak recenzuje autorki tw\u00f3rczo\u015b\u0107 SF. Zdj\u0119cie zbiorowe cz\u0142onk\u00f3w w\/w Asocjacji, Obok prezes p. Elizabeth Blania Kacprzyk siedzi z powie\u015bci\u0105 autorki znany hr. Jan Potocki.<div class=\"su-spacer\" style=\"height:10px\"><\/div>\n<div id='gallery-4' class='gallery galleryid-307 gallery-columns-2 gallery-size-thumbnail'><figure class='gallery-item'>\n\t\t\t<div class='gallery-icon landscape'>\n\t\t\t\t<a href='https:\/\/jhw.com.pl\/blog\/wp-content\/uploads\/2024\/08\/kongres_062016_1-1.jpg'><img loading=\"lazy\" decoding=\"async\" width=\"150\" height=\"150\" src=\"https:\/\/jhw.com.pl\/blog\/wp-content\/uploads\/2024\/08\/kongres_062016_1-1-150x150.jpg\" class=\"attachment-thumbnail size-thumbnail\" alt=\"\" \/><\/a>\n\t\t\t<\/div><\/figure><figure class='gallery-item'>\n\t\t\t<div class='gallery-icon landscape'>\n\t\t\t\t<a href='https:\/\/jhw.com.pl\/blog\/wp-content\/uploads\/2024\/08\/kongres_062016_3-1.jpg'><img loading=\"lazy\" decoding=\"async\" width=\"150\" height=\"150\" src=\"https:\/\/jhw.com.pl\/blog\/wp-content\/uploads\/2024\/08\/kongres_062016_3-1-150x150.jpg\" class=\"attachment-thumbnail size-thumbnail\" alt=\"\" \/><\/a>\n\t\t\t<\/div><\/figure>\n\t\t<\/div>\n\n<p>&nbsp;<\/p>\n<h4>Dyplom z medalem dla Jolanty Horodeckiej- Wieczorek<\/h4>\n<p><a href=\"https:\/\/jhw.com.pl\/blog\/wp-content\/uploads\/2024\/08\/06.11.2015_dyplom.jpg\"><img loading=\"lazy\" decoding=\"async\" class=\"alignleft wp-image-367 size-medium\" src=\"https:\/\/jhw.com.pl\/blog\/wp-content\/uploads\/2024\/08\/06.11.2015_dyplom-300x201.jpg\" alt=\"\" width=\"300\" height=\"201\" srcset=\"https:\/\/jhw.com.pl\/blog\/wp-content\/uploads\/2024\/08\/06.11.2015_dyplom-300x201.jpg 300w, https:\/\/jhw.com.pl\/blog\/wp-content\/uploads\/2024\/08\/06.11.2015_dyplom-1024x685.jpg 1024w, https:\/\/jhw.com.pl\/blog\/wp-content\/uploads\/2024\/08\/06.11.2015_dyplom-768x514.jpg 768w, https:\/\/jhw.com.pl\/blog\/wp-content\/uploads\/2024\/08\/06.11.2015_dyplom-1000x669.jpg 1000w, https:\/\/jhw.com.pl\/blog\/wp-content\/uploads\/2024\/08\/06.11.2015_dyplom-230x154.jpg 230w, https:\/\/jhw.com.pl\/blog\/wp-content\/uploads\/2024\/08\/06.11.2015_dyplom-350x234.jpg 350w, https:\/\/jhw.com.pl\/blog\/wp-content\/uploads\/2024\/08\/06.11.2015_dyplom-480x321.jpg 480w, https:\/\/jhw.com.pl\/blog\/wp-content\/uploads\/2024\/08\/06.11.2015_dyplom.jpg 1200w\" sizes=\"auto, (max-width: 300px) 100vw, 300px\" \/><\/a><\/p>\n<p style=\"text-align: justify;\">Prezes \u015awiatowego Stowarzyszenia Dziedzictwa Kulturowego Polonii<\/p>\n<p style=\"text-align: justify;\"><strong>ks. prof. dr. hab. m. dr h. c. Andrzej Kry\u0144ski<\/strong><\/p>\n<p style=\"text-align: justify;\">na X Mi\u0119dzynarodowym Kongresie Polonijnym wr\u0119cza pisarce Dyplom z medalem za zas\u0142ugi na rzecz Stowarzyszenia.<div class=\"su-spacer\" style=\"height:10px\"><\/div>\n<hr \/>\n<div class=\"su-spacer\" style=\"height:10px\"><\/div>\n<h4>Jolanta Horodecka- Wieczorek spotka\u0142a si\u0119 z gimnazjalistami- 9.06.2016<\/h4>\n<p style=\"text-align: justify;\"><a href=\"https:\/\/jhw.com.pl\/blog\/wp-content\/uploads\/2024\/08\/rozprza2016.jpg\"><img loading=\"lazy\" decoding=\"async\" class=\"alignleft wp-image-370 size-medium\" src=\"https:\/\/jhw.com.pl\/blog\/wp-content\/uploads\/2024\/08\/rozprza2016-300x200.jpg\" alt=\"\" width=\"300\" height=\"200\" srcset=\"https:\/\/jhw.com.pl\/blog\/wp-content\/uploads\/2024\/08\/rozprza2016-300x200.jpg 300w, https:\/\/jhw.com.pl\/blog\/wp-content\/uploads\/2024\/08\/rozprza2016-768x511.jpg 768w, https:\/\/jhw.com.pl\/blog\/wp-content\/uploads\/2024\/08\/rozprza2016-230x153.jpg 230w, https:\/\/jhw.com.pl\/blog\/wp-content\/uploads\/2024\/08\/rozprza2016-350x233.jpg 350w, https:\/\/jhw.com.pl\/blog\/wp-content\/uploads\/2024\/08\/rozprza2016-480x319.jpg 480w, https:\/\/jhw.com.pl\/blog\/wp-content\/uploads\/2024\/08\/rozprza2016.jpg 1000w\" sizes=\"auto, (max-width: 300px) 100vw, 300px\" \/><\/a>W trakcie spotkania pisarka opowiada\u0142a o swej tw\u00f3rczo\u015bci literackiej, pasjach oraz dzia\u0142alno\u015bci spo\u0142ecznej wzgl\u0119dem potrzebuj\u0105cych dzieci. Jolanta Horodecka- Wieczorek jest laureatem wielu presti\u017cowych nagr\u00f3d i wyr\u00f3\u017cnie\u0144 m.in. nagrody specjalnej Ministra Kultury i Dziedzictwa Narodowego za bogaty i edukacyjny dorobek w dziedzinie literatury dzieci\u0119cej, oznaki honorowej &#8222;Zas\u0142u\u017cony dla Kultury Polskiej&#8221; czy nominacji do tytu\u0142u &#8222;Niezwyk\u0142ej Polki&#8221;. Wszystkie bajki i ba\u015bnie Jolanty Horodeckiej- Wieczorek opatrzone s\u0105 emblematem &#8222;Bez przemocy&#8221; i posiadaj\u0105 g\u0142\u0119bokie przes\u0142anie wyra\u017cone w formie mora\u0142\u00f3w.<br \/>\nDodamy, \u017ce utwory &#8222;Hymn zawieszony w czasie&#8221;, W \u015bwiecie Fosforant\u00f3w&#8221;, &#8222;W miasteczku krasnali&#8221;, &#8222;O kosmicznym ludku w babcinym ogr\u00f3dku&#8230;&#8221; dost\u0119pne s\u0105 w naszej Bibliotece. Wszystkich ch\u0119tnych serdecznie zapraszamy.<\/p>\n<p style=\"text-align: justify;\">\u0179r\u00f3d\u0142o: strona Gminnej Biblioteki Publicznej w Rozprzy<\/p>\n","protected":false},"excerpt":{"rendered":"<p>Spotkanie z Hann\u0105 Suchock\u0105 Kole\u017ce\u0144skie spotkanie z premier Hann\u0105 Suchock\u0105- 23-24.10.2018 r. Dzie\u0144 Dziecka w Piotrkowie Trybunalskim 01.06.2018 r. zdj\u0119cia ze wsp\u00f3lnej [&hellip;]<\/p>\n","protected":false},"author":1,"featured_media":0,"parent":0,"menu_order":0,"comment_status":"closed","ping_status":"closed","template":"","meta":{"footnotes":""},"class_list":["post-307","page","type-page","status-publish","hentry"],"_links":{"self":[{"href":"https:\/\/jhw.com.pl\/blog\/wp-json\/wp\/v2\/pages\/307","targetHints":{"allow":["GET"]}}],"collection":[{"href":"https:\/\/jhw.com.pl\/blog\/wp-json\/wp\/v2\/pages"}],"about":[{"href":"https:\/\/jhw.com.pl\/blog\/wp-json\/wp\/v2\/types\/page"}],"author":[{"embeddable":true,"href":"https:\/\/jhw.com.pl\/blog\/wp-json\/wp\/v2\/users\/1"}],"replies":[{"embeddable":true,"href":"https:\/\/jhw.com.pl\/blog\/wp-json\/wp\/v2\/comments?post=307"}],"version-history":[{"count":26,"href":"https:\/\/jhw.com.pl\/blog\/wp-json\/wp\/v2\/pages\/307\/revisions"}],"predecessor-version":[{"id":371,"href":"https:\/\/jhw.com.pl\/blog\/wp-json\/wp\/v2\/pages\/307\/revisions\/371"}],"wp:attachment":[{"href":"https:\/\/jhw.com.pl\/blog\/wp-json\/wp\/v2\/media?parent=307"}],"curies":[{"name":"wp","href":"https:\/\/api.w.org\/{rel}","templated":true}]}}